{"id":84537,"date":"2020-03-14T15:38:00","date_gmt":"2020-03-14T14:38:00","guid":{"rendered":"https:\/\/bp2.eu\/produkt\/okna-dachowe\/"},"modified":"2024-09-11T13:00:11","modified_gmt":"2024-09-11T11:00:11","slug":"ferestre-de-mansarda","status":"publish","type":"product","link":"https:\/\/bp2.eu\/ro\/produkt\/ferestre-de-mansarda\/","title":{"rendered":"FERESTRE DE MANSARD\u0102"},"content":{"rendered":"\n<div class=\"wp-block-group is-style-default has-gray-background-color has-background\"><div class=\"wp-block-group__inner-container is-layout-constrained wp-block-group-is-layout-constrained\">\n<div style=\"height:100px\" aria-hidden=\"true\" class=\"wp-block-spacer is-style-small-spacer\"><\/div>\n\n\n\n<div class=\"wp-block-columns is-layout-flex wp-container-core-columns-is-layout-9d6595d7 wp-block-columns-is-layout-flex\">\n<div class=\"wp-block-column is-layout-flow wp-block-column-is-layout-flow\">\n<h2 class=\"wp-block-heading has-large-font-size\">Ferestre de acoperi\u0219\/\u00een pant\u0103 &#8211; lumin\u0103 \u0219i confort \u00een pod<\/h2>\n\n\n\n<p><strong>Ferestrele de acoperi\u0219<\/strong>, cunoscute \u0219i sub numele de luminatoare, sunt o modalitate excelent\u0103 de a aduce lumina \u00een pod. Acestea nu sunt doar o solu\u021bie practic\u0103, ci \u0219i un element estetic pl\u0103cut care poate conferi unui interior un caracter unic.<\/p>\n<\/div>\n\n\n\n<div class=\"wp-block-column is-layout-flow wp-block-column-is-layout-flow\">\n<h2 class=\"wp-block-heading has-large-font-size\">Ferestre pentru diverse aplica\u021bii:<\/h2>\n\n\n\n<p>Gama include, de asemenea, ferestre speciale pentru \u00eenc\u0103peri cu umiditate ridicat\u0103, cum ar fi b\u0103ile sau buc\u0103t\u0103riile. De asemenea, sunt disponibile ferestre cu pant\u0103 foarte joas\u0103, ideale pentru acoperi\u0219uri plate sau cu pant\u0103 joas\u0103. Pentru iubitorii de solu\u021bii moderne, oferim ferestre cu comand\u0103 electric\u0103, oferind un control confortabil de oriunde din cas\u0103.<\/p>\n<\/div>\n<\/div>\n\n\n\n<div class=\"wp-block-columns is-layout-flex wp-container-core-columns-is-layout-9d6595d7 wp-block-columns-is-layout-flex\">\n<div class=\"wp-block-column is-layout-flow wp-block-column-is-layout-flow\">\n<h2 class=\"wp-block-heading has-large-font-size\">U\u0219urin\u021ba de utilizare \u0219i \u00eentre\u021binere:<\/h2>\n\n\n\n<p><strong>Ferestrele de acoperi\u0219<\/strong> sunt proiectate pentru a fi u\u0219or \u0219i confortabil de utilizat. Posibilitatea de a roti fereastra o face u\u0219or de cur\u0103\u021bat, iar protec\u021bia special\u0103 a lemnului \u00een etapa de produc\u021bie \u00eenseamn\u0103 c\u0103 ferestrele de acoperi\u0219 nu necesit\u0103 \u00eentre\u021binere suplimentar\u0103 timp de mul\u021bi ani.<\/p>\n<\/div>\n\n\n\n<div class=\"wp-block-column is-layout-flow wp-block-column-is-layout-flow\">\n<h2 class=\"wp-block-heading has-large-font-size\">Alege\u021bi ferestre de acoperi\u0219 \u0219i profit:<\/h2>\n\n\n\n<ul class=\"wp-block-list\">\n<li>Mai mult\u0103 lumin\u0103 natural\u0103 \u00een loft<\/li>\n\n\n\n<li>Confortabil de utilizat<\/li>\n\n\n\n<li>Finisaj interior estetic<\/li>\n\n\n\n<li>U\u0219urin\u021ba de asamblare \u0219i utilizare<\/li>\n<\/ul>\n<\/div>\n<\/div>\n<\/div><\/div>\n","protected":false},"featured_media":25617,"menu_order":680,"template":"","product_category":[2016],"warranty":[],"product_serie":[],"class_list":["post-84537","product","type-product","status-publish","has-post-thumbnail","hentry","product_category-accesorii"],"acf":[],"_links":{"self":[{"href":"https:\/\/bp2.eu\/ro\/wp-json\/wp\/v2\/product\/84537","targetHints":{"allow":["GET"]}}],"collection":[{"href":"https:\/\/bp2.eu\/ro\/wp-json\/wp\/v2\/product"}],"about":[{"href":"https:\/\/bp2.eu\/ro\/wp-json\/wp\/v2\/types\/product"}],"wp:featuredmedia":[{"embeddable":true,"href":"https:\/\/bp2.eu\/ro\/wp-json\/wp\/v2\/media\/25617"}],"wp:attachment":[{"href":"https:\/\/bp2.eu\/ro\/wp-json\/wp\/v2\/media?parent=84537"}],"wp:term":[{"taxonomy":"product_category","embeddable":true,"href":"https:\/\/bp2.eu\/ro\/wp-json\/wp\/v2\/product_category?post=84537"},{"taxonomy":"warranty","embeddable":true,"href":"https:\/\/bp2.eu\/ro\/wp-json\/wp\/v2\/warranty?post=84537"},{"taxonomy":"product_serie","embeddable":true,"href":"https:\/\/bp2.eu\/ro\/wp-json\/wp\/v2\/product_serie?post=84537"}],"curies":[{"name":"wp","href":"https:\/\/api.w.org\/{rel}","templated":true}]}}